{"id":251,"date":"2022-08-28T17:25:08","date_gmt":"2022-08-28T14:25:08","guid":{"rendered":"https:\/\/www.lyhti.fi\/?page_id=251"},"modified":"2022-08-28T21:46:24","modified_gmt":"2022-08-28T18:46:24","slug":"asiakkaiden-kokemukset-kundupplevelser","status":"publish","type":"page","link":"https:\/\/www.lyhti.fi\/?page_id=251","title":{"rendered":"Asiakkaiden kokemukset &#8211; Kundupplevelser"},"content":{"rendered":"\n<p class=\"has-medium-font-size\">Carola Roselt provade p\u00e5  Feldenkrais individuella lektioner, l\u00e4s om Carolas upplevelse:<\/p>\n\n\n\n<p><br><strong>F\u00f6rsta&nbsp;behandlingen<\/strong><br><\/p>\n\n\n\n<p>Med&nbsp;krampande&nbsp;rygg&nbsp;och&nbsp;v\u00e4rkande&nbsp;h\u00f6fter&nbsp;gick&nbsp;jag&nbsp;p\u00e5&nbsp;mitt&nbsp;livs&nbsp;f\u00f6rsta<br>Feldenkrais&nbsp;behandling.<br>Jag&nbsp;k\u00e4nde&nbsp;genast&nbsp;inom&nbsp;de&nbsp;5&nbsp;f\u00f6rsta&nbsp;minutrarna&nbsp;p\u00e5&nbsp;britsen&nbsp;hur&nbsp;energin<br>b\u00f6rjade&nbsp;fl\u00f6da&nbsp;i&nbsp;min&nbsp;v\u00e4nstra&nbsp;sida&nbsp;ocks\u00e5&nbsp;i&nbsp;huvudet&nbsp;.&nbsp;Efter&nbsp;en&nbsp;tid<br>b\u00f6rjade&nbsp;pulsen&nbsp;bli&nbsp;snabbare&nbsp;och&nbsp;jag&nbsp;m\u00e4rkte&nbsp;att&nbsp;hj\u00e4rtat&nbsp;jobbade&nbsp;h\u00e5rt<br>under&nbsp;hela&nbsp;behandlingen&nbsp;.I&nbsp;b\u00f6rjan&nbsp;av&nbsp;behandlingen&nbsp;fick&nbsp;jag&nbsp;mycket<br>varmt&nbsp;k\u00e4nde&nbsp;hur&nbsp;blodet&nbsp;fl\u00f6dade&nbsp;fritt&nbsp;i&nbsp;ryggen,&nbsp;sk\u00f6nt.<br>K\u00e4nde&nbsp;mig&nbsp;t\u00f6rstig&nbsp;i&nbsp;slutet&nbsp;av&nbsp;behandlingen&nbsp;,&nbsp;hade&nbsp;litet&nbsp;huvudv\u00e4rk<br>s\u00e5dan&nbsp;man&nbsp;har&nbsp;n\u00e4r&nbsp;kroppen&nbsp;b\u00f6rjar&nbsp;rena&nbsp;sig&nbsp;s\u00e5&nbsp;jag&nbsp;f\u00f6rstod&nbsp;att&nbsp;jag&nbsp;m\u00e5ste<br>dricka&nbsp;mycket&nbsp;vatten&nbsp;efter&nbsp;behandlingen&nbsp;.<br>K\u00e4nde&nbsp;mig&nbsp;konstig&nbsp;n\u00e4r&nbsp;jag&nbsp;steg&nbsp;upp&nbsp;fr\u00e5n&nbsp;sk\u00f6tbordet&nbsp;n\u00e5nting&nbsp;hade&nbsp;h\u00e4nt<br>med&nbsp;mina&nbsp;ben&nbsp;,&nbsp;mitt&nbsp;v\u00e4nstra&nbsp;ben&nbsp;k\u00e4ndes&nbsp;p\u00e5&nbsp;ett&nbsp;lustigt&nbsp;s\u00e4tt&nbsp;l\u00e4ngre&nbsp;\u00e4n<br>det&nbsp;h\u00f6gra&nbsp;som&nbsp;om&nbsp;jag&nbsp;m\u00e5ste&nbsp;l\u00e4ra&nbsp;mig&nbsp;att&nbsp;g\u00e5&nbsp;p\u00e5&nbsp;ett&nbsp;nytt&nbsp;s\u00e4tt.&nbsp;Ryggen<br>k\u00e4ndes&nbsp;rak&nbsp;,&nbsp;magen&nbsp;k\u00e4ndes&nbsp;plattare&nbsp;och&nbsp;min&nbsp;g\u00e5ng&nbsp;lite&nbsp;\u201drobotaktik&nbsp;\u201d,<br>j\u00e4mnar&nbsp;s\u00e4kert&nbsp;ut&nbsp;sig&nbsp;bara&nbsp;jag&nbsp;v\u00e4njer&nbsp;mig&nbsp;vid&nbsp;mina&nbsp;\u201dnya&nbsp;ben&nbsp;och&nbsp;rygg\u201d.<\/p>\n\n\n\n<p><br>Tacksam&nbsp;f\u00f6r&nbsp;behandlingen&nbsp;,&nbsp;i&nbsp;ryggen&nbsp;ingen&nbsp;sm\u00e4rta&nbsp;och&nbsp;h\u00f6ften&nbsp;k\u00e4nns&nbsp;inte<br>heller&nbsp;illa,lite&nbsp;ont&nbsp;\u00e4nnu&nbsp;i&nbsp;h\u00f6gra&nbsp;h\u00f6ften&nbsp;om&nbsp;jag&nbsp;sitter&nbsp;p\u00e5&nbsp;mjukt,&nbsp;men<br>har&nbsp;som&nbsp;tur&nbsp;ny&nbsp;behandling&nbsp;om&nbsp;n\u00e5gra&nbsp;dagar&nbsp;.&nbsp;F\u00f6ljer&nbsp;med&nbsp;om&nbsp;jag&nbsp;lyckas<br>h\u00e5lla&nbsp;h\u00e5llningen&nbsp;,&nbsp;hoppas&nbsp;det&nbsp;.<br><br>F\u00f6ljande&nbsp;dag&nbsp;efter&nbsp;f\u00f6rsta&nbsp;behandlingen&nbsp;k\u00e4nns&nbsp;just&nbsp;ingen&nbsp;sm\u00e4rta&nbsp;i<br>h\u00f6ften&nbsp;men&nbsp;nedre&nbsp;ryggens&nbsp;k\u00e4nns&nbsp;lite&nbsp;tung&nbsp;,&nbsp;annorlunda&nbsp;\u00e4n&nbsp;tidigare&nbsp;,<br>n\u00e5nting&nbsp;har&nbsp;h\u00e4nt&nbsp;.&nbsp;Dagen&nbsp;efter&nbsp;var&nbsp;annars&nbsp;ocks\u00e5&nbsp;en&nbsp;\u201ddagen&nbsp;efter\u201d<br>upplevelse&nbsp;,&nbsp;det&nbsp;h\u00e4nde&nbsp;i&nbsp;kropp&nbsp;och&nbsp;sinne&nbsp;!<br><br><strong>Andra&nbsp;behandlingen<\/strong><br><\/p>\n\n\n\n<p>3&nbsp;dagar&nbsp;senare&nbsp;,&nbsp;sk\u00f6n&nbsp;behandling&nbsp;,&nbsp;k\u00e4nns&nbsp;bra&nbsp;att&nbsp;man&nbsp;skall&nbsp;f\u00e5&nbsp;ha&nbsp;det<br>s\u00e5&nbsp;sk\u00f6nt&nbsp;o&nbsp;bekv\u00e4mt&nbsp;som&nbsp;m\u00f6jligt&nbsp;p\u00e5&nbsp;sk\u00f6tbordet&nbsp;.&nbsp;K\u00e4nde&nbsp;under&nbsp;hela<br>behandlingen&nbsp;att&nbsp;energin&nbsp;str\u00f6mmade&nbsp;friare&nbsp;i&nbsp;kroppen&nbsp;.<br>Toffe&nbsp;g\u00f6r&nbsp;ett&nbsp;mycket&nbsp;grundligt&nbsp;jobb&nbsp;,&nbsp;kroppen&nbsp;k\u00e4ndes&nbsp;mera&nbsp;i&nbsp;harmoni&nbsp;,<br>men&nbsp;tydligt&nbsp;sker&nbsp;det&nbsp;ocks\u00e5&nbsp;saker&nbsp;p\u00e5&nbsp;ett&nbsp;djupare&nbsp;plan&nbsp;,&nbsp;hade&nbsp;igen&nbsp;en<br>lite&nbsp;\u201ddagen&nbsp;efter&nbsp;\u201d&nbsp;process&nbsp;men&nbsp;p\u00e5&nbsp;ett&nbsp;bra&nbsp;vis.<br><br><strong>Tredje&nbsp;behandlingen<\/strong><br><br>Fick&nbsp;en&nbsp;mycket&nbsp;fin&nbsp;behandling&nbsp;med&nbsp;koncentration&nbsp;p\u00e5&nbsp;min&nbsp;svaga&nbsp;h\u00f6gra<br>h\u00f6ft&nbsp;,&nbsp;kroppen&nbsp;k\u00e4ndes&nbsp;efter&nbsp;behandlingen&nbsp;i&nbsp;balans&nbsp;,&nbsp;ryggen&nbsp;var&nbsp;rak&nbsp;och<br>k\u00e4ndes&nbsp;som&nbsp;om&nbsp;jag&nbsp;igen&nbsp;kunde&nbsp;r\u00f6ra&nbsp;mig&nbsp;helt&nbsp;fritt&nbsp;.&nbsp;<\/p>\n\n\n\n<p>Tack&nbsp;Toffe&nbsp;du&nbsp;g\u00f6r ett&nbsp;fint&nbsp;jobb&nbsp;!<br><\/p>\n\n\n\n<p><em>Carola&nbsp;Roselt<\/em><\/p>\n","protected":false},"excerpt":{"rendered":"<p>Carola Roselt provade p\u00e5 Feldenkrais individuella lektioner, l\u00e4s om Carolas upplevelse: F\u00f6rsta&nbsp;behandlingen Med&nbsp;krampande&nbsp;rygg&nbsp;och&nbsp;v\u00e4rkande&nbsp;h\u00f6fter&nbsp;gick&nbsp;jag&nbsp;p\u00e5&nbsp;mitt&nbsp;livs&nbsp;f\u00f6rstaFeldenkrais&nbsp;behandling.Jag&nbsp;k\u00e4nde&nbsp;genast&nbsp;inom&nbsp;de&nbsp;5&nbsp;f\u00f6rsta&nbsp;minutrarna&nbsp;p\u00e5&nbsp;britsen&nbsp;hur&nbsp;energinb\u00f6rjade&nbsp;fl\u00f6da&nbsp;i&nbsp;min&nbsp;v\u00e4nstra&nbsp;sida&nbsp;ocks\u00e5&nbsp;i&nbsp;huvudet&nbsp;.&nbsp;Efter&nbsp;en&nbsp;tidb\u00f6rjade&nbsp;pulsen&nbsp;bli&nbsp;snabbare&nbsp;och&nbsp;jag&nbsp;m\u00e4rkte&nbsp;att&nbsp;hj\u00e4rtat&nbsp;jobbade&nbsp;h\u00e5rtunder&nbsp;hela&nbsp;behandlingen&nbsp;.I&nbsp;b\u00f6rjan&nbsp;av&nbsp;behandlingen&nbsp;fick&nbsp;jag&nbsp;mycketvarmt&nbsp;k\u00e4nde&nbsp;hur&nbsp;blodet&nbsp;fl\u00f6dade&nbsp;fritt&nbsp;i&nbsp;ryggen,&nbsp;sk\u00f6nt.K\u00e4nde&nbsp;mig&nbsp;t\u00f6rstig&nbsp;i&nbsp;slutet&nbsp;av&nbsp;behandlingen&nbsp;,&nbsp;hade&nbsp;litet&nbsp;huvudv\u00e4rks\u00e5dan&nbsp;man&nbsp;har&nbsp;n\u00e4r&nbsp;kroppen&nbsp;b\u00f6rjar&nbsp;rena&nbsp;sig&nbsp;s\u00e5&nbsp;jag&nbsp;f\u00f6rstod&nbsp;att&nbsp;jag&nbsp;m\u00e5stedricka&nbsp;mycket&nbsp;vatten&nbsp;efter&nbsp;behandlingen&nbsp;.K\u00e4nde&nbsp;mig&nbsp;konstig&nbsp;n\u00e4r&nbsp;jag&nbsp;steg&nbsp;upp&nbsp;fr\u00e5n&nbsp;sk\u00f6tbordet&nbsp;n\u00e5nting&nbsp;hade&nbsp;h\u00e4ntmed&nbsp;mina&nbsp;ben&nbsp;,&nbsp;mitt&nbsp;v\u00e4nstra&nbsp;ben&nbsp;k\u00e4ndes&nbsp;p\u00e5&nbsp;ett&nbsp;lustigt&nbsp;s\u00e4tt&nbsp;l\u00e4ngre&nbsp;\u00e4ndet&nbsp;h\u00f6gra&nbsp;som&nbsp;om&nbsp;jag&nbsp;m\u00e5ste&nbsp;l\u00e4ra&nbsp;mig&nbsp;att&nbsp;g\u00e5&nbsp;p\u00e5&nbsp;ett&nbsp;nytt&nbsp;s\u00e4tt.&nbsp;Ryggenk\u00e4ndes&nbsp;rak&nbsp;,&nbsp;magen&nbsp;k\u00e4ndes&nbsp;plattare&nbsp;och&nbsp;min&nbsp;g\u00e5ng&nbsp;lite&nbsp;\u201drobotaktik&nbsp;\u201d,j\u00e4mnar&nbsp;s\u00e4kert&nbsp;ut&nbsp;sig&nbsp;bara&nbsp;jag&nbsp;v\u00e4njer&nbsp;mig&nbsp;vid&nbsp;mina&nbsp;\u201dnya&nbsp;ben&nbsp;och&nbsp;rygg\u201d. Tacksam&nbsp;f\u00f6r&nbsp;behandlingen&nbsp;,&nbsp;i&nbsp;ryggen&nbsp;ingen&nbsp;sm\u00e4rta&nbsp;och&nbsp;h\u00f6ften&nbsp;k\u00e4nns&nbsp;inteheller&nbsp;illa,lite&nbsp;ont&nbsp;\u00e4nnu&nbsp;i&nbsp;h\u00f6gra&nbsp;h\u00f6ften&nbsp;om&nbsp;jag&nbsp;sitter&nbsp;p\u00e5&nbsp;mjukt,&nbsp;menhar&nbsp;som&nbsp;tur&nbsp;ny&nbsp;behandling&nbsp;om&nbsp;n\u00e5gra&nbsp;dagar&nbsp;.&nbsp;F\u00f6ljer&nbsp;med&nbsp;om&nbsp;jag&nbsp;lyckash\u00e5lla&nbsp;h\u00e5llningen&nbsp;,&nbsp;hoppas&nbsp;det&nbsp;. F\u00f6ljande&nbsp;dag&nbsp;efter&nbsp;f\u00f6rsta&nbsp;behandlingen&nbsp;k\u00e4nns&nbsp;just&nbsp;ingen&nbsp;sm\u00e4rta&nbsp;ih\u00f6ften&nbsp;men&nbsp;nedre&nbsp;ryggens&nbsp;k\u00e4nns&nbsp;lite&nbsp;tung&nbsp;,&nbsp;annorlunda&nbsp;\u00e4n&nbsp;tidigare&nbsp;,n\u00e5nting&nbsp;har&nbsp;h\u00e4nt&nbsp;.&nbsp;Dagen&nbsp;efter&nbsp;var&nbsp;annars&nbsp;ocks\u00e5&nbsp;en&nbsp;\u201ddagen&nbsp;efter\u201dupplevelse&nbsp;,&nbsp;det&nbsp;h\u00e4nde&nbsp;i&nbsp;kropp&nbsp;och&nbsp;sinne&nbsp;! Andra&nbsp;behandlingen 3&nbsp;dagar&nbsp;senare&nbsp;,&nbsp;sk\u00f6n&nbsp;behandling&nbsp;,&nbsp;k\u00e4nns&nbsp;bra&nbsp;att&nbsp;man&nbsp;skall&nbsp;f\u00e5&nbsp;ha&nbsp;dets\u00e5&nbsp;sk\u00f6nt&nbsp;o&nbsp;bekv\u00e4mt&nbsp;som&nbsp;m\u00f6jligt&nbsp;p\u00e5&nbsp;sk\u00f6tbordet&nbsp;.&nbsp;K\u00e4nde&nbsp;under&nbsp;helabehandlingen&nbsp;att&nbsp;energin&nbsp;str\u00f6mmade&nbsp;friare&nbsp;i&nbsp;kroppen&nbsp;.Toffe&nbsp;g\u00f6r&nbsp;ett&nbsp;mycket&nbsp;grundligt&nbsp;jobb&nbsp;,&nbsp;kroppen&nbsp;k\u00e4ndes&nbsp;mera&nbsp;i&nbsp;harmoni&nbsp;,men&nbsp;tydligt&nbsp;sker&nbsp;det&nbsp;ocks\u00e5&nbsp;saker&nbsp;p\u00e5&nbsp;ett&nbsp;djupare&nbsp;plan&nbsp;,&nbsp;hade&nbsp;igen&nbsp;enlite&nbsp;\u201ddagen&nbsp;efter&nbsp;\u201d&nbsp;process&nbsp;men&nbsp;p\u00e5&nbsp;ett&nbsp;bra&nbsp;vis. Tredje&nbsp;behandlingen Fick&nbsp;en&nbsp;mycket&nbsp;fin&nbsp;behandling&nbsp;med&nbsp;koncentration&nbsp;p\u00e5&nbsp;min&nbsp;svaga&nbsp;h\u00f6grah\u00f6ft&nbsp;,&nbsp;kroppen&nbsp;k\u00e4ndes&nbsp;efter&nbsp;behandlingen&nbsp;i&nbsp;balans&nbsp;,&nbsp;ryggen&nbsp;var&nbsp;rak&nbsp;ochk\u00e4ndes&nbsp;som&nbsp;om&nbsp;jag&nbsp;igen&nbsp;kunde&nbsp;r\u00f6ra&nbsp;mig&nbsp;helt&nbsp;fritt&nbsp;.&nbsp; Tack&nbsp;Toffe&nbsp;du&nbsp;g\u00f6r ett&nbsp;fint&nbsp;jobb&nbsp;! Carola&nbsp;Roselt<\/p>\n","protected":false},"author":1,"featured_media":0,"parent":0,"menu_order":0,"comment_status":"closed","ping_status":"closed","template":"","meta":{"footnotes":""},"class_list":["post-251","page","type-page","status-publish","hentry"],"_links":{"self":[{"href":"https:\/\/www.lyhti.fi\/index.php?rest_route=\/wp\/v2\/pages\/251"}],"collection":[{"href":"https:\/\/www.lyhti.fi\/index.php?rest_route=\/wp\/v2\/pages"}],"about":[{"href":"https:\/\/www.lyhti.fi\/index.php?rest_route=\/wp\/v2\/types\/page"}],"author":[{"embeddable":true,"href":"https:\/\/www.lyhti.fi\/index.php?rest_route=\/wp\/v2\/users\/1"}],"replies":[{"embeddable":true,"href":"https:\/\/www.lyhti.fi\/index.php?rest_route=%2Fwp%2Fv2%2Fcomments&post=251"}],"version-history":[{"count":7,"href":"https:\/\/www.lyhti.fi\/index.php?rest_route=\/wp\/v2\/pages\/251\/revisions"}],"predecessor-version":[{"id":262,"href":"https:\/\/www.lyhti.fi\/index.php?rest_route=\/wp\/v2\/pages\/251\/revisions\/262"}],"wp:attachment":[{"href":"https:\/\/www.lyhti.fi\/index.php?rest_route=%2Fwp%2Fv2%2Fmedia&parent=251"}],"curies":[{"name":"wp","href":"https:\/\/api.w.org\/{rel}","templated":true}]}}